{"id":14054,"date":"2025-10-27T11:17:32","date_gmt":"2025-10-27T11:17:32","guid":{"rendered":"https:\/\/enlineabarcelona.com\/producto\/tip-ton-re-silla\/"},"modified":"2025-10-27T11:17:41","modified_gmt":"2025-10-27T11:17:41","slug":"tip-ton-re-silla","status":"publish","type":"product","link":"https:\/\/enlineabarcelona.com\/ca\/producto\/tip-ton-re-silla\/","title":{"rendered":"Silla Tip Ton RE"},"content":{"rendered":"\n<p>La silla de pl\u00e1stico Tip Ton puede inclinarse unos grados hacia delante con respecto a la posici\u00f3n habitual. Esta posici\u00f3n inclinada hacia delante ayuda a mantener erguidas la pelvis y la columna vertebral, mejorando as\u00ed la circulaci\u00f3n de los m\u00fasculos del abdomen y la espalda. <\/p>\n\n\n\n<p>En 2020 Vitra cre\u00f3 una versi\u00f3n de la silla fabricada con pl\u00e1stico reciclado: Tip Ton RE. El material reciclado de primera calidad procede de residuos dom\u00e9sticos postconsumo, especialmente de envases usados. El uso de esta materia prima, en lugar de los pl\u00e1sticos primarios obtenidos del petr\u00f3leo, genera un 30 % menos de emisiones perjudiciales para el clima, con una reducci\u00f3n significativa del consumo de energ\u00eda primaria. <\/p>\n\n\n\n<p>Para conseguir los niveles de estabilidad y de calidad requeridos, el material reciclado se mezcla proporcionalmente con fibras de vidrio. El color gris oscuro de la Tip Ton RE es el tono natural del material de reciclaje procesado, por lo que aparecen ligeras irregularidades en el color. <\/p>\n\n\n\n<p>Tip Ton RE es tambi\u00e9n 100 % reciclable y puede apilarse hasta una altura de cuatro sillas.<\/p>\n","protected":false},"excerpt":{"rendered":"<p>La silla de pl\u00e1stico Tip Ton puede inclinarse unos grados hacia delante con respecto a la posici\u00f3n habitual. Esta posici\u00f3n inclinada hacia delante ayuda a mantener erguidas la pelvis y la columna vertebral, mejorando as\u00ed la circulaci\u00f3n de los m\u00fasculos del abdomen y la espalda. En 2020 Vitra cre\u00f3 una versi\u00f3n de la silla fabricada &#8230; <a title=\"Silla Tip Ton RE\" class=\"read-more\" href=\"https:\/\/enlineabarcelona.com\/ca\/producto\/tip-ton-re-silla\/\" aria-label=\"M\u00e9s informaci\u00f3 sobre Silla Tip Ton RE\">Llegiu m\u00e9s<\/a><\/p>\n","protected":false},"featured_media":8993,"comment_status":"closed","ping_status":"open","template":"","meta":{"_acf_changed":false},"product_cat":[298,1139],"product_tag":[],"disenadores":[856],"marca":[26],"class_list":{"0":"post-14054","1":"product","2":"type-product","3":"status-publish","4":"has-post-thumbnail","6":"product_cat-mobiliario","7":"product_cat-sillas","8":"disenadores-edward-barber-jay-osgerby","9":"marca-vitra","10":"sales-flash-overlay","11":"woocommerce-text-align-center","12":"woocommerce-image-align-center","13":"do-quantity-buttons","14":"wc-has-gallery","16":"first","17":"instock","18":"purchasable","19":"product-type-simple"},"acf":[],"_links":{"self":[{"href":"https:\/\/enlineabarcelona.com\/ca\/wp-json\/wp\/v2\/product\/14054","targetHints":{"allow":["GET"]}}],"collection":[{"href":"https:\/\/enlineabarcelona.com\/ca\/wp-json\/wp\/v2\/product"}],"about":[{"href":"https:\/\/enlineabarcelona.com\/ca\/wp-json\/wp\/v2\/types\/product"}],"replies":[{"embeddable":true,"href":"https:\/\/enlineabarcelona.com\/ca\/wp-json\/wp\/v2\/comments?post=14054"}],"wp:featuredmedia":[{"embeddable":true,"href":"https:\/\/enlineabarcelona.com\/ca\/wp-json\/wp\/v2\/media\/8993"}],"wp:attachment":[{"href":"https:\/\/enlineabarcelona.com\/ca\/wp-json\/wp\/v2\/media?parent=14054"}],"wp:term":[{"taxonomy":"product_cat","embeddable":true,"href":"https:\/\/enlineabarcelona.com\/ca\/wp-json\/wp\/v2\/product_cat?post=14054"},{"taxonomy":"product_tag","embeddable":true,"href":"https:\/\/enlineabarcelona.com\/ca\/wp-json\/wp\/v2\/product_tag?post=14054"},{"taxonomy":"disenadores","embeddable":true,"href":"https:\/\/enlineabarcelona.com\/ca\/wp-json\/wp\/v2\/disenadores?post=14054"},{"taxonomy":"marca","embeddable":true,"href":"https:\/\/enlineabarcelona.com\/ca\/wp-json\/wp\/v2\/marca?post=14054"}],"curies":[{"name":"wp","href":"https:\/\/api.w.org\/{rel}","templated":true}]}}