{"id":14059,"date":"2025-10-27T11:17:32","date_gmt":"2025-10-27T11:17:32","guid":{"rendered":"https:\/\/enlineabarcelona.com\/producto\/chieftain-butaca\/"},"modified":"2025-10-27T11:17:44","modified_gmt":"2025-10-27T11:17:44","slug":"chieftain-butaca","status":"publish","type":"product","link":"https:\/\/enlineabarcelona.com\/ca\/producto\/chieftain-butaca\/","title":{"rendered":"Butaca Chieftain"},"content":{"rendered":"\n<p>La emblem\u00e1tica butaca Chieftain es una de las obras maestras absolutas de Finn Juhl, que representa el punto culminante de su carrera como dise\u00f1ador de muebles. En su introducci\u00f3n en 1949, la silla marc\u00f3 una renovaci\u00f3n de la tradici\u00f3n danesa en el dise\u00f1o de muebles. Hoy en d\u00eda, se percibe como uno de los exponentes m\u00e1s importantes del movimiento Danish Modern en los Estados Unidos durante la d\u00e9cada de 1950. La silla est\u00e1 disponible en nogal o roble con tapicer\u00eda en tipos de cuero seleccionados y exclusivos. <\/p>\n\n\n\n<p>Hoy en d\u00eda, la Silla Chieftain se percibe como uno de los exponentes m\u00e1s importantes del movimiento Danish Modern en los Estados Unidos durante la d\u00e9cada de 1950. Por esta raz\u00f3n, Finn Juhl es considerado a menudo el padre fundador del Danish Modern. <\/p>\n\n\n\n<p>Inspirada en el arte moderno y las culturas extranjeras, la Silla Chieftain, con sus formas org\u00e1nicas, se liber\u00f3 del dise\u00f1o tradicional de muebles daneses y del funcionalismo estricto tanto en forma, construcci\u00f3n y materiales. <\/p>\n\n\n\n<p>En 2012, la Silla Chieftain gan\u00f3 el Premio de Dise\u00f1o Dan\u00e9s, Cl\u00e1sico. El jurado dijo en su motivaci\u00f3n: &#8220;Hoy en d\u00eda, la Silla Chieftain se erige como una inspiraci\u00f3n para una nueva generaci\u00f3n de dise\u00f1adores de muebles y como prueba de que la atenci\u00f3n a la calidad, el calibre internacional y la voluntad de romper con la tradici\u00f3n pueden allanar el camino para marcar la diferencia como dise\u00f1ador&#8221;.<\/p>\n\n\n\n<p><\/p>\n","protected":false},"excerpt":{"rendered":"<p>La emblem\u00e1tica butaca Chieftain es una de las obras maestras absolutas de Finn Juhl, que representa el punto culminante de su carrera como dise\u00f1ador de muebles. En su introducci\u00f3n en 1949, la silla marc\u00f3 una renovaci\u00f3n de la tradici\u00f3n danesa en el dise\u00f1o de muebles. Hoy en d\u00eda, se percibe como uno de los exponentes &#8230; <a title=\"Butaca Chieftain\" class=\"read-more\" href=\"https:\/\/enlineabarcelona.com\/ca\/producto\/chieftain-butaca\/\" aria-label=\"M\u00e9s informaci\u00f3 sobre Butaca Chieftain\">Llegiu m\u00e9s<\/a><\/p>\n","protected":false},"featured_media":9046,"comment_status":"closed","ping_status":"open","template":"","meta":{"_acf_changed":false},"product_cat":[1145,298],"product_tag":[],"disenadores":[1009],"marca":[1140],"class_list":{"0":"post-14059","1":"product","2":"type-product","3":"status-publish","4":"has-post-thumbnail","6":"product_cat-butacas","7":"product_cat-mobiliario","8":"disenadores-finn-juhl","9":"marca-house-of-finn-juhl","10":"sales-flash-overlay","11":"woocommerce-text-align-center","12":"woocommerce-image-align-center","13":"do-quantity-buttons","14":"wc-has-gallery","16":"first","17":"instock","18":"purchasable","19":"product-type-simple"},"acf":[],"_links":{"self":[{"href":"https:\/\/enlineabarcelona.com\/ca\/wp-json\/wp\/v2\/product\/14059","targetHints":{"allow":["GET"]}}],"collection":[{"href":"https:\/\/enlineabarcelona.com\/ca\/wp-json\/wp\/v2\/product"}],"about":[{"href":"https:\/\/enlineabarcelona.com\/ca\/wp-json\/wp\/v2\/types\/product"}],"replies":[{"embeddable":true,"href":"https:\/\/enlineabarcelona.com\/ca\/wp-json\/wp\/v2\/comments?post=14059"}],"wp:featuredmedia":[{"embeddable":true,"href":"https:\/\/enlineabarcelona.com\/ca\/wp-json\/wp\/v2\/media\/9046"}],"wp:attachment":[{"href":"https:\/\/enlineabarcelona.com\/ca\/wp-json\/wp\/v2\/media?parent=14059"}],"wp:term":[{"taxonomy":"product_cat","embeddable":true,"href":"https:\/\/enlineabarcelona.com\/ca\/wp-json\/wp\/v2\/product_cat?post=14059"},{"taxonomy":"product_tag","embeddable":true,"href":"https:\/\/enlineabarcelona.com\/ca\/wp-json\/wp\/v2\/product_tag?post=14059"},{"taxonomy":"disenadores","embeddable":true,"href":"https:\/\/enlineabarcelona.com\/ca\/wp-json\/wp\/v2\/disenadores?post=14059"},{"taxonomy":"marca","embeddable":true,"href":"https:\/\/enlineabarcelona.com\/ca\/wp-json\/wp\/v2\/marca?post=14059"}],"curies":[{"name":"wp","href":"https:\/\/api.w.org\/{rel}","templated":true}]}}