{"id":14135,"date":"2025-10-27T11:18:39","date_gmt":"2025-10-27T11:18:39","guid":{"rendered":"https:\/\/enlineabarcelona.com\/producto\/sillon-chisel\/"},"modified":"2025-10-27T11:18:50","modified_gmt":"2025-10-27T11:18:50","slug":"sillon-chisel","status":"publish","type":"product","link":"https:\/\/enlineabarcelona.com\/ca\/producto\/sillon-chisel\/","title":{"rendered":"Sill\u00f3n Chisel"},"content":{"rendered":"\n<p>La Chisel Lounge Chair, dise\u00f1ada para HAY por el dise\u00f1ador noruego Andreas Bergsaker, ofrece una perspectiva moderna y atemporal de la siempre relevante silla curvada de madera contrachapada. Debe su nombre a la cl\u00e1sica herramienta de carpintero, el cincel. Chisel naci\u00f3 del deseo de dise\u00f1ar una silla de madera resistente con una silueta \u00fanica que perdurara en el tiempo. Fabricada con un acabado impecable y consideraciones ergon\u00f3micas, el asiento y el respaldo suaves y org\u00e1nicos de la silla proporcionan un apoyo eficaz de una forma visualmente atractiva. Esto se complementa con las patas inclinadas que reflejan las caracter\u00edsticas del cincel con sus caracter\u00edsticos bordes biselados. La silla Chisel Lounge est\u00e1 disponible en varios tipos de madera, colores y tapizados. Por su tama\u00f1o compacto y su amplia gama de opciones, es perfecta para espacios dom\u00e9sticos y p\u00fablicos, como salones, dormitorios, salas de espera, vest\u00edbulos y bibliotecas.<\/p>\n\n\n\n<p><\/p>\n","protected":false},"excerpt":{"rendered":"<p>La Chisel Lounge Chair, dise\u00f1ada para HAY por el dise\u00f1ador noruego Andreas Bergsaker, ofrece una perspectiva moderna y atemporal de la siempre relevante silla curvada de madera contrachapada. Debe su nombre a la cl\u00e1sica herramienta de carpintero, el cincel. Chisel naci\u00f3 del deseo de dise\u00f1ar una silla de madera resistente con una silueta \u00fanica que &#8230; <a title=\"Sill\u00f3n Chisel\" class=\"read-more\" href=\"https:\/\/enlineabarcelona.com\/ca\/producto\/sillon-chisel\/\" aria-label=\"M\u00e9s informaci\u00f3 sobre Sill\u00f3n Chisel\">Llegiu m\u00e9s<\/a><\/p>\n","protected":false},"featured_media":10400,"comment_status":"closed","ping_status":"open","template":"","meta":{"_acf_changed":false},"product_cat":[1145,298],"product_tag":[],"disenadores":[1048],"marca":[35],"class_list":{"0":"post-14135","1":"product","2":"type-product","3":"status-publish","4":"has-post-thumbnail","6":"product_cat-butacas","7":"product_cat-mobiliario","8":"disenadores-andreas-bergsaker-en","9":"marca-hay","10":"sales-flash-overlay","11":"woocommerce-text-align-center","12":"woocommerce-image-align-center","13":"do-quantity-buttons","14":"wc-has-gallery","16":"first","17":"instock","18":"product-type-simple"},"acf":[],"_links":{"self":[{"href":"https:\/\/enlineabarcelona.com\/ca\/wp-json\/wp\/v2\/product\/14135","targetHints":{"allow":["GET"]}}],"collection":[{"href":"https:\/\/enlineabarcelona.com\/ca\/wp-json\/wp\/v2\/product"}],"about":[{"href":"https:\/\/enlineabarcelona.com\/ca\/wp-json\/wp\/v2\/types\/product"}],"replies":[{"embeddable":true,"href":"https:\/\/enlineabarcelona.com\/ca\/wp-json\/wp\/v2\/comments?post=14135"}],"wp:featuredmedia":[{"embeddable":true,"href":"https:\/\/enlineabarcelona.com\/ca\/wp-json\/wp\/v2\/media\/10400"}],"wp:attachment":[{"href":"https:\/\/enlineabarcelona.com\/ca\/wp-json\/wp\/v2\/media?parent=14135"}],"wp:term":[{"taxonomy":"product_cat","embeddable":true,"href":"https:\/\/enlineabarcelona.com\/ca\/wp-json\/wp\/v2\/product_cat?post=14135"},{"taxonomy":"product_tag","embeddable":true,"href":"https:\/\/enlineabarcelona.com\/ca\/wp-json\/wp\/v2\/product_tag?post=14135"},{"taxonomy":"disenadores","embeddable":true,"href":"https:\/\/enlineabarcelona.com\/ca\/wp-json\/wp\/v2\/disenadores?post=14135"},{"taxonomy":"marca","embeddable":true,"href":"https:\/\/enlineabarcelona.com\/ca\/wp-json\/wp\/v2\/marca?post=14135"}],"curies":[{"name":"wp","href":"https:\/\/api.w.org\/{rel}","templated":true}]}}