{"id":14136,"date":"2025-10-27T11:18:39","date_gmt":"2025-10-27T11:18:39","guid":{"rendered":"https:\/\/enlineabarcelona.com\/producto\/mesa-boa\/"},"modified":"2025-10-27T11:18:51","modified_gmt":"2025-10-27T11:18:51","slug":"mesa-boa","status":"publish","type":"product","link":"https:\/\/enlineabarcelona.com\/ca\/producto\/mesa-boa\/","title":{"rendered":"Mesa Boa"},"content":{"rendered":"\n<p>Inspirada en la artesan\u00eda tradicional japonesa del bamb\u00fa, la mesa Boa de Stefan Diez es una versi\u00f3n contempor\u00e1nea de la tipolog\u00eda de mesa de conferencias. El armaz\u00f3n tubular est\u00e1 fabricado \u00edntegramente con aluminio Hydro CIRCAL, un aluminio reciclado fabricado a partir de un m\u00ednimo del 75% de chatarra reciclada postconsumo, que se extrusiona en Dinamarca utilizando energ\u00eda renovable. El aluminio se convierte en perfiles industriales flexibles de aluminio que se doblan en su lugar durante el montaje, proporcionando una soluci\u00f3n ligera y \u00e1gil con un dise\u00f1o de paquete plano. Los tableros de las mesas se pueden personalizar en lin\u00f3leo, laminado, madera o cristal, y los marcos est\u00e1n disponibles en varios colores y tama\u00f1os. Adem\u00e1s, la Mesa Boa puede complementarse con accesorios de alimentaci\u00f3n y almacenamiento de cables para adaptarse a una amplia gama de entornos profesionales.<\/p>\n","protected":false},"excerpt":{"rendered":"<p>Inspirada en la artesan\u00eda tradicional japonesa del bamb\u00fa, la mesa Boa de Stefan Diez es una versi\u00f3n contempor\u00e1nea de la tipolog\u00eda de mesa de conferencias. El armaz\u00f3n tubular est\u00e1 fabricado \u00edntegramente con aluminio Hydro CIRCAL, un aluminio reciclado fabricado a partir de un m\u00ednimo del 75% de chatarra reciclada postconsumo, que se extrusiona en Dinamarca &#8230; <a title=\"Mesa Boa\" class=\"read-more\" href=\"https:\/\/enlineabarcelona.com\/ca\/producto\/mesa-boa\/\" aria-label=\"M\u00e9s informaci\u00f3 sobre Mesa Boa\">Llegiu m\u00e9s<\/a><\/p>\n","protected":false},"featured_media":10422,"comment_status":"closed","ping_status":"open","template":"","meta":{"_acf_changed":false},"product_cat":[1212,298],"product_tag":[],"disenadores":[815],"marca":[35],"class_list":{"0":"post-14136","1":"product","2":"type-product","3":"status-publish","4":"has-post-thumbnail","6":"product_cat-mesasoutlet","7":"product_cat-mobiliario","8":"disenadores-stefan-diez","9":"marca-hay","10":"sales-flash-overlay","11":"woocommerce-text-align-center","12":"woocommerce-image-align-center","13":"do-quantity-buttons","14":"wc-has-gallery","16":"first","17":"instock","18":"purchasable","19":"product-type-simple"},"acf":[],"_links":{"self":[{"href":"https:\/\/enlineabarcelona.com\/ca\/wp-json\/wp\/v2\/product\/14136","targetHints":{"allow":["GET"]}}],"collection":[{"href":"https:\/\/enlineabarcelona.com\/ca\/wp-json\/wp\/v2\/product"}],"about":[{"href":"https:\/\/enlineabarcelona.com\/ca\/wp-json\/wp\/v2\/types\/product"}],"replies":[{"embeddable":true,"href":"https:\/\/enlineabarcelona.com\/ca\/wp-json\/wp\/v2\/comments?post=14136"}],"wp:featuredmedia":[{"embeddable":true,"href":"https:\/\/enlineabarcelona.com\/ca\/wp-json\/wp\/v2\/media\/10422"}],"wp:attachment":[{"href":"https:\/\/enlineabarcelona.com\/ca\/wp-json\/wp\/v2\/media?parent=14136"}],"wp:term":[{"taxonomy":"product_cat","embeddable":true,"href":"https:\/\/enlineabarcelona.com\/ca\/wp-json\/wp\/v2\/product_cat?post=14136"},{"taxonomy":"product_tag","embeddable":true,"href":"https:\/\/enlineabarcelona.com\/ca\/wp-json\/wp\/v2\/product_tag?post=14136"},{"taxonomy":"disenadores","embeddable":true,"href":"https:\/\/enlineabarcelona.com\/ca\/wp-json\/wp\/v2\/disenadores?post=14136"},{"taxonomy":"marca","embeddable":true,"href":"https:\/\/enlineabarcelona.com\/ca\/wp-json\/wp\/v2\/marca?post=14136"}],"curies":[{"name":"wp","href":"https:\/\/api.w.org\/{rel}","templated":true}]}}