{"id":14140,"date":"2025-10-27T11:18:56","date_gmt":"2025-10-27T11:18:56","guid":{"rendered":"https:\/\/enlineabarcelona.com\/producto\/butaca-fauteuil-de-salon\/"},"modified":"2025-10-27T11:18:56","modified_gmt":"2025-10-27T11:18:56","slug":"butaca-fauteuil-de-salon","status":"publish","type":"product","link":"https:\/\/enlineabarcelona.com\/ca\/producto\/butaca-fauteuil-de-salon\/","title":{"rendered":"Butaca Fauteuil De Salon"},"content":{"rendered":"\n<p>Fauteuil de Salon consiste en planos sencillos unidos para crear un objeto arquitect\u00f3nico con una superficie de asiento y un respaldo extraordinariamente c\u00f3modos. Redescubierto en los archivos del ingeniero franc\u00e9s Jean Prouv\u00e9, el sill\u00f3n se ha actualizado con una gama de colores contempor\u00e1neos. Con sus reposabrazos de madera maciza tratada al aceite y la est\u00e9tica estructural que caracteriza a su dise\u00f1ador, el Fauteuil de Salon combina perfectamente con otras piezas de la Prouv\u00e9 Collection.<br><br><br><br><\/p>\n","protected":false},"excerpt":{"rendered":"<p>Fauteuil de Salon consiste en planos sencillos unidos para crear un objeto arquitect\u00f3nico con una superficie de asiento y un respaldo extraordinariamente c\u00f3modos. Redescubierto en los archivos del ingeniero franc\u00e9s Jean Prouv\u00e9, el sill\u00f3n se ha actualizado con una gama de colores contempor\u00e1neos. Con sus reposabrazos de madera maciza tratada al aceite y la est\u00e9tica &#8230; <a title=\"Butaca Fauteuil De Salon\" class=\"read-more\" href=\"https:\/\/enlineabarcelona.com\/ca\/producto\/butaca-fauteuil-de-salon\/\" aria-label=\"M\u00e9s informaci\u00f3 sobre Butaca Fauteuil De Salon\">Llegiu m\u00e9s<\/a><\/p>\n","protected":false},"featured_media":10498,"comment_status":"closed","ping_status":"open","template":"","meta":{"_acf_changed":false},"product_cat":[1195,298],"product_tag":[],"disenadores":[772],"marca":[26],"class_list":{"0":"post-14140","1":"product","2":"type-product","3":"status-publish","4":"has-post-thumbnail","6":"product_cat-butacasoutlet","7":"product_cat-mobiliario","8":"disenadores-jean-prouve","9":"marca-vitra","10":"sales-flash-overlay","11":"woocommerce-text-align-center","12":"woocommerce-image-align-center","13":"do-quantity-buttons","14":"wc-has-gallery","16":"first","17":"instock","18":"purchasable","19":"product-type-simple"},"acf":[],"_links":{"self":[{"href":"https:\/\/enlineabarcelona.com\/ca\/wp-json\/wp\/v2\/product\/14140","targetHints":{"allow":["GET"]}}],"collection":[{"href":"https:\/\/enlineabarcelona.com\/ca\/wp-json\/wp\/v2\/product"}],"about":[{"href":"https:\/\/enlineabarcelona.com\/ca\/wp-json\/wp\/v2\/types\/product"}],"replies":[{"embeddable":true,"href":"https:\/\/enlineabarcelona.com\/ca\/wp-json\/wp\/v2\/comments?post=14140"}],"wp:featuredmedia":[{"embeddable":true,"href":"https:\/\/enlineabarcelona.com\/ca\/wp-json\/wp\/v2\/media\/10498"}],"wp:attachment":[{"href":"https:\/\/enlineabarcelona.com\/ca\/wp-json\/wp\/v2\/media?parent=14140"}],"wp:term":[{"taxonomy":"product_cat","embeddable":true,"href":"https:\/\/enlineabarcelona.com\/ca\/wp-json\/wp\/v2\/product_cat?post=14140"},{"taxonomy":"product_tag","embeddable":true,"href":"https:\/\/enlineabarcelona.com\/ca\/wp-json\/wp\/v2\/product_tag?post=14140"},{"taxonomy":"disenadores","embeddable":true,"href":"https:\/\/enlineabarcelona.com\/ca\/wp-json\/wp\/v2\/disenadores?post=14140"},{"taxonomy":"marca","embeddable":true,"href":"https:\/\/enlineabarcelona.com\/ca\/wp-json\/wp\/v2\/marca?post=14140"}],"curies":[{"name":"wp","href":"https:\/\/api.w.org\/{rel}","templated":true}]}}