{"id":14196,"date":"2025-10-27T11:19:26","date_gmt":"2025-10-27T11:19:26","guid":{"rendered":"https:\/\/enlineabarcelona.com\/producto\/sofa-camelot\/"},"modified":"2026-02-23T12:46:24","modified_gmt":"2026-02-23T12:46:24","slug":"sofa-camelot","status":"publish","type":"product","link":"https:\/\/enlineabarcelona.com\/ca\/producto\/sofa-camelot\/","title":{"rendered":"Sof\u00e1 Camelot"},"content":{"rendered":"\n<p>El sof\u00e1 Camelot es un dise\u00f1o modular avanzado que combina una estructura s\u00f3lida con la suavidad de elementos acolchados, permitiendo configuraciones personalizadas para cualquier espacio. Destaca por su flexibilidad, con m\u00f3dulos de diferentes tama\u00f1os y cojines rellenos de plum\u00f3n de ganso para un confort envolvente. Cada detalle refleja la artesan\u00eda de Flexform, con opciones personalizables en telas, pieles y acabados met\u00e1licos, convirti\u00e9ndolo en una pieza que fusiona funcionalidad, comodidad y elegancia.<br><\/p>\n\n\n\n<p><\/p>\n","protected":false},"excerpt":{"rendered":"<p>El sof\u00e1 Camelot es un dise\u00f1o modular avanzado que combina una estructura s\u00f3lida con la suavidad de elementos acolchados, permitiendo configuraciones personalizadas para cualquier espacio. Destaca por su flexibilidad, con m\u00f3dulos de diferentes tama\u00f1os y cojines rellenos de plum\u00f3n de ganso para un confort envolvente. Cada detalle refleja la artesan\u00eda de Flexform, con opciones personalizables &#8230; <a title=\"Sof\u00e1 Camelot\" class=\"read-more\" href=\"https:\/\/enlineabarcelona.com\/ca\/producto\/sofa-camelot\/\" aria-label=\"M\u00e9s informaci\u00f3 sobre Sof\u00e1 Camelot\">Llegiu m\u00e9s<\/a><\/p>\n","protected":false},"featured_media":11353,"comment_status":"closed","ping_status":"open","template":"","meta":{"_acf_changed":false},"product_cat":[298,1147],"product_tag":[],"disenadores":[884],"marca":[],"class_list":{"0":"post-14196","1":"product","2":"type-product","3":"status-publish","4":"has-post-thumbnail","6":"product_cat-mobiliario","7":"product_cat-sofas","8":"disenadores-antonio-citterio","9":"sales-flash-overlay","10":"woocommerce-text-align-center","11":"woocommerce-image-align-center","12":"do-quantity-buttons","13":"wc-has-gallery","15":"first","16":"instock","17":"purchasable","18":"product-type-simple"},"acf":[],"_links":{"self":[{"href":"https:\/\/enlineabarcelona.com\/ca\/wp-json\/wp\/v2\/product\/14196","targetHints":{"allow":["GET"]}}],"collection":[{"href":"https:\/\/enlineabarcelona.com\/ca\/wp-json\/wp\/v2\/product"}],"about":[{"href":"https:\/\/enlineabarcelona.com\/ca\/wp-json\/wp\/v2\/types\/product"}],"replies":[{"embeddable":true,"href":"https:\/\/enlineabarcelona.com\/ca\/wp-json\/wp\/v2\/comments?post=14196"}],"wp:featuredmedia":[{"embeddable":true,"href":"https:\/\/enlineabarcelona.com\/ca\/wp-json\/wp\/v2\/media\/11353"}],"wp:attachment":[{"href":"https:\/\/enlineabarcelona.com\/ca\/wp-json\/wp\/v2\/media?parent=14196"}],"wp:term":[{"taxonomy":"product_cat","embeddable":true,"href":"https:\/\/enlineabarcelona.com\/ca\/wp-json\/wp\/v2\/product_cat?post=14196"},{"taxonomy":"product_tag","embeddable":true,"href":"https:\/\/enlineabarcelona.com\/ca\/wp-json\/wp\/v2\/product_tag?post=14196"},{"taxonomy":"disenadores","embeddable":true,"href":"https:\/\/enlineabarcelona.com\/ca\/wp-json\/wp\/v2\/disenadores?post=14196"},{"taxonomy":"marca","embeddable":true,"href":"https:\/\/enlineabarcelona.com\/ca\/wp-json\/wp\/v2\/marca?post=14196"}],"curies":[{"name":"wp","href":"https:\/\/api.w.org\/{rel}","templated":true}]}}