{"id":14250,"date":"2025-10-27T11:20:13","date_gmt":"2025-10-27T11:20:13","guid":{"rendered":"https:\/\/enlineabarcelona.com\/producto\/lampara-boalum\/"},"modified":"2025-10-27T11:20:22","modified_gmt":"2025-10-27T11:20:22","slug":"lampara-boalum","status":"publish","type":"product","link":"https:\/\/enlineabarcelona.com\/ca\/producto\/lampara-boalum\/","title":{"rendered":"L\u00e1mpara Boalum"},"content":{"rendered":"\n<p>Nacida en 1970 por Livio Castiglioni y Gianfranco Frattini, y definida por Domus como \u00abuna serpiente de luz infinita\u00bb, pas\u00f3 inmediatamente a formar parte de la historia del dise\u00f1o italiano y mundial. Su estructura de PVC flexible transl\u00facido, reforzado y con terminales de resina, la hace pr\u00e1cticamente indestructible. Los distintos elementos pueden conectarse en serie hasta un m\u00e1ximo de cuatro piezas que pueden enrollarse como se desee. Emite una luz difusa y su dise\u00f1o atemporal la convierte en una luminaria perenne apta para todos los ambientes. Gracias a su flexibilidad, que la hace \u00fanica en su forma, puede colocarse en el suelo o sobre una mesa, colgarse o enrollarse para inventar cada d\u00eda nuevos juegos de luz. Fabricada de 1970 a 1983 y ligeramente modificada en 1999, hoy se ha reconstruido sustituyendo las bombillas cl\u00e1sicas por LED de alta eficacia. Boalum forma parte de numerosas colecciones de museos de dise\u00f1o, empezando por el Museo de Arte Moderno de Filadelfia o el Museo del Dise\u00f1o Italiano de Mil\u00e1n.<\/p>\n\n\n\n<p><\/p>\n","protected":false},"excerpt":{"rendered":"<p>Nacida en 1970 por Livio Castiglioni y Gianfranco Frattini, y definida por Domus como \u00abuna serpiente de luz infinita\u00bb, pas\u00f3 inmediatamente a formar parte de la historia del dise\u00f1o italiano y mundial. Su estructura de PVC flexible transl\u00facido, reforzado y con terminales de resina, la hace pr\u00e1cticamente indestructible. Los distintos elementos pueden conectarse en serie &#8230; <a title=\"L\u00e1mpara Boalum\" class=\"read-more\" href=\"https:\/\/enlineabarcelona.com\/ca\/producto\/lampara-boalum\/\" aria-label=\"M\u00e9s informaci\u00f3 sobre L\u00e1mpara Boalum\">Llegiu m\u00e9s<\/a><\/p>\n","protected":false},"featured_media":12208,"comment_status":"closed","ping_status":"open","template":"","meta":{"_acf_changed":false},"product_cat":[1156,1198],"product_tag":[],"disenadores":[1249],"marca":[1159],"class_list":{"0":"post-14250","1":"product","2":"type-product","3":"status-publish","4":"has-post-thumbnail","6":"product_cat-iluminacion","7":"product_cat-lamparas-de-sobremesa","8":"disenadores-livio-castiglionigianfranco-frattini","9":"marca-artemide-iluminando-vidas-con-arte-y-diseno","10":"sales-flash-overlay","11":"woocommerce-text-align-center","12":"woocommerce-image-align-center","13":"do-quantity-buttons","14":"wc-has-gallery","16":"first","17":"instock","18":"purchasable","19":"product-type-simple"},"acf":[],"_links":{"self":[{"href":"https:\/\/enlineabarcelona.com\/ca\/wp-json\/wp\/v2\/product\/14250","targetHints":{"allow":["GET"]}}],"collection":[{"href":"https:\/\/enlineabarcelona.com\/ca\/wp-json\/wp\/v2\/product"}],"about":[{"href":"https:\/\/enlineabarcelona.com\/ca\/wp-json\/wp\/v2\/types\/product"}],"replies":[{"embeddable":true,"href":"https:\/\/enlineabarcelona.com\/ca\/wp-json\/wp\/v2\/comments?post=14250"}],"wp:featuredmedia":[{"embeddable":true,"href":"https:\/\/enlineabarcelona.com\/ca\/wp-json\/wp\/v2\/media\/12208"}],"wp:attachment":[{"href":"https:\/\/enlineabarcelona.com\/ca\/wp-json\/wp\/v2\/media?parent=14250"}],"wp:term":[{"taxonomy":"product_cat","embeddable":true,"href":"https:\/\/enlineabarcelona.com\/ca\/wp-json\/wp\/v2\/product_cat?post=14250"},{"taxonomy":"product_tag","embeddable":true,"href":"https:\/\/enlineabarcelona.com\/ca\/wp-json\/wp\/v2\/product_tag?post=14250"},{"taxonomy":"disenadores","embeddable":true,"href":"https:\/\/enlineabarcelona.com\/ca\/wp-json\/wp\/v2\/disenadores?post=14250"},{"taxonomy":"marca","embeddable":true,"href":"https:\/\/enlineabarcelona.com\/ca\/wp-json\/wp\/v2\/marca?post=14250"}],"curies":[{"name":"wp","href":"https:\/\/api.w.org\/{rel}","templated":true}]}}