{"id":15104,"date":"2025-10-27T11:13:45","date_gmt":"2025-10-27T11:13:45","guid":{"rendered":"https:\/\/enlineabarcelona.com\/producto\/golden-cage\/"},"modified":"2025-10-27T17:21:00","modified_gmt":"2025-10-27T17:21:00","slug":"golden-cage","status":"publish","type":"product","link":"https:\/\/enlineabarcelona.com\/ca\/producto\/golden-cage\/","title":{"rendered":"GOLDEN CAGE"},"content":{"rendered":"\n<p>Fruto de la fruct\u00edfera colaboraci\u00f3n con el dise\u00f1ador Vincenzo De Cotiis, Golden Cage se cre\u00f3 en 2007. Con sus s\u00f3lidas formas curvil\u00edneas y su acabado en lat\u00f3n, la librer\u00eda se inspira en los gloriosos a\u00f1os veinte, recordando el ambiente de principios del siglo XX. Un icono del dise\u00f1o que subraya la consumada maestr\u00eda artesanal y de producci\u00f3n de la empresa. Un cl\u00e1sico contempor\u00e1neo que reinterpreta el concepto de librer\u00eda y le confiere todo su encanto. Disponible en dos tama\u00f1os diferentes, est\u00e1 fabricada con varillas de lat\u00f3n de 10 mm, soldadas y cepilladas completamente a mano. Casi una \u00abescultura dom\u00e9stica\u00bb, para exponer en el centro de la habitaci\u00f3n. Al mismo tiempo, tambi\u00e9n es funcional. De hecho, como su nombre indica, Golden Cage est\u00e1 dise\u00f1ada para salvaguardar nuestras posesiones m\u00e1s valiosas.<\/p>\n","protected":false},"excerpt":{"rendered":"<p>Fruto de la fruct\u00edfera colaboraci\u00f3n con el dise\u00f1ador Vincenzo De Cotiis, Golden Cage se cre\u00f3 en 2007. Con sus s\u00f3lidas formas curvil\u00edneas y su acabado en lat\u00f3n, la librer\u00eda se inspira en los gloriosos a\u00f1os veinte, recordando el ambiente de principios del siglo XX. Un icono del dise\u00f1o que subraya la consumada maestr\u00eda artesanal y &#8230; <a title=\"GOLDEN CAGE\" class=\"read-more\" href=\"https:\/\/enlineabarcelona.com\/ca\/producto\/golden-cage\/\" aria-label=\"M\u00e9s informaci\u00f3 sobre GOLDEN CAGE\">Llegiu m\u00e9s<\/a><\/p>\n","protected":false},"featured_media":5606,"comment_status":"closed","ping_status":"open","template":"","meta":{"_acf_changed":false},"product_cat":[1295,1349],"product_tag":[],"disenadores":[],"marca":[],"class_list":{"0":"post-15104","1":"product","2":"type-product","3":"status-publish","4":"has-post-thumbnail","6":"product_cat-outletmobiliari","7":"product_cat-prestatgeries","8":"sales-flash-overlay","9":"woocommerce-text-align-center","10":"woocommerce-image-align-center","11":"do-quantity-buttons","12":"wc-has-gallery","14":"first","15":"instock","16":"purchasable","17":"product-type-simple"},"acf":[],"_links":{"self":[{"href":"https:\/\/enlineabarcelona.com\/ca\/wp-json\/wp\/v2\/product\/15104","targetHints":{"allow":["GET"]}}],"collection":[{"href":"https:\/\/enlineabarcelona.com\/ca\/wp-json\/wp\/v2\/product"}],"about":[{"href":"https:\/\/enlineabarcelona.com\/ca\/wp-json\/wp\/v2\/types\/product"}],"replies":[{"embeddable":true,"href":"https:\/\/enlineabarcelona.com\/ca\/wp-json\/wp\/v2\/comments?post=15104"}],"wp:featuredmedia":[{"embeddable":true,"href":"https:\/\/enlineabarcelona.com\/ca\/wp-json\/wp\/v2\/media\/5606"}],"wp:attachment":[{"href":"https:\/\/enlineabarcelona.com\/ca\/wp-json\/wp\/v2\/media?parent=15104"}],"wp:term":[{"taxonomy":"product_cat","embeddable":true,"href":"https:\/\/enlineabarcelona.com\/ca\/wp-json\/wp\/v2\/product_cat?post=15104"},{"taxonomy":"product_tag","embeddable":true,"href":"https:\/\/enlineabarcelona.com\/ca\/wp-json\/wp\/v2\/product_tag?post=15104"},{"taxonomy":"disenadores","embeddable":true,"href":"https:\/\/enlineabarcelona.com\/ca\/wp-json\/wp\/v2\/disenadores?post=15104"},{"taxonomy":"marca","embeddable":true,"href":"https:\/\/enlineabarcelona.com\/ca\/wp-json\/wp\/v2\/marca?post=15104"}],"curies":[{"name":"wp","href":"https:\/\/api.w.org\/{rel}","templated":true}]}}